{"id":360,"date":"2018-07-21T18:57:01","date_gmt":"2018-07-21T16:57:01","guid":{"rendered":"https:\/\/danaepanchaud.net\/?page_id=360"},"modified":"2023-05-21T20:26:35","modified_gmt":"2023-05-21T18:26:35","slug":"ca-lisidret","status":"publish","type":"page","link":"https:\/\/danaepanchaud.net\/index.php\/exhibitions\/ca-lisidret\/","title":{"rendered":"Ca l&#8217;Isidret"},"content":{"rendered":"\n<figure class=\"wp-block-image size-large\"><img loading=\"lazy\" decoding=\"async\" width=\"1024\" height=\"682\" src=\"https:\/\/danaepanchaud.net\/wp-content\/uploads\/2018\/07\/Photoforum-Ca-l-Isidret-2018-005-web-1024x682.jpg\" alt=\"\" class=\"wp-image-379\" srcset=\"https:\/\/danaepanchaud.net\/wp-content\/uploads\/2018\/07\/Photoforum-Ca-l-Isidret-2018-005-web-1024x682.jpg 1024w, https:\/\/danaepanchaud.net\/wp-content\/uploads\/2018\/07\/Photoforum-Ca-l-Isidret-2018-005-web-300x200.jpg 300w, https:\/\/danaepanchaud.net\/wp-content\/uploads\/2018\/07\/Photoforum-Ca-l-Isidret-2018-005-web-768x512.jpg 768w, https:\/\/danaepanchaud.net\/wp-content\/uploads\/2018\/07\/Photoforum-Ca-l-Isidret-2018-005-web.jpg 2000w\" sizes=\"auto, (max-width: 1024px) 100vw, 1024px\" \/><\/figure>\n\n\n\n<p><strong>2018<\/strong><br><strong>Photoforum Pasquart, Biel<\/strong><\/p>\n\n\n\n<p>First exhibition in Switzerland of the three photographers Aleix Plademunt (*1980, ES), Juan Diego Valera (*1976, AR) and Roger Guaus (*1972, ES), who &nbsp;founded <a href=\"http:\/\/www.calisidretedicions.cat\/\">Ca l\u2019Isidret Edicions<\/a>, after meeting and subsequently pursuing a collective project in Argentina in 2010. Ca l\u2019Isidret Edicions also serves as a laboratory, enabling diverse photographic and publishing experiences, and in which the three play the parts of both photographers and editors.<\/p>\n\n\n\n<p>They pursue individual careers and are not formally organised as a collective, but they maintain constant strong ties and collaborate frequently on joint projects. While their aesthetics remain different, they share an approach of photography: ceaseless shooting as the response to an environment and to intimate experience, photography as the mass registration of personal experience, and the constantly produced images as a raw and malleable material to be given form through publications and exhibitions.<\/p>\n\n\n\n<p>They were invited to develop a collective project for the Photoforum Pasquart. As they were preparing their upcoming residency in Biel, the notion of doubt gradually emerged as the core theme of the project: \u201ca very open idea that at the same time fits very well with our essence as artists, always doubting and hesitating about the necessity and utility of our creations, at both emotional, cognitive and, finally, at artistic levels.\u201d<\/p>\n\n\n\n<p>They produced every image presented in the exhibition during a residency in Biel, photographing the city\u2019s dwellers, its streets and animals, directing their gaze and pointing their cameras at a delicate array of details: domesticated plants and flowers, tedious street signage, shiny and dusty cars, flying crows, statues in the old town, close-up portraits. Accompanying them throughout their simultaneous discovery and shooting of the city was a questioning about wealth. Having heard multiple times in Biel that Switzerland was the richest country in the world \u2013 and having promptly verified that the assertion was unfounded \u2013 this recurring claim or label nonetheless stuck with them and shaped their experience in Biel. While wealth is not straightforwardly a topic of the exhibition, this statement and the self-perception it implies underlied the processes of production and of selection of the images.<\/p>\n\n\n\n<p><span style=\"color: #808080;\">Premi\u00e8re exposition en Suisse des trois photographes Roger Guaus (*1972, ES), Aleix Plademunt (*1980, ES) et Juan Diego Valera (*1976, AR). Ils ont fond\u00e9 <a style=\"color: #808080;\" href=\"http:\/\/www.calisidretedicions.cat\/\">Ca l\u2019Isidret Edicions<\/a> apr\u00e8s s\u2019\u00eatre rencontr\u00e9s et avoir d\u00e9velopp\u00e9 un projet collectif en Argentine en 2010. Ca l\u2019Isidret Edicions leur sert \u00e9galement de laboratoire, et leur permet des exp\u00e9rimentations photographiques et \u00e9ditoriales dans le cadre desquelles ils sont \u00e0 la fois \u00e9diteurs et photographes. <\/span><\/p>\n\n\n\n<p><span style=\"color: #808080;\">Ils poursuivent des carri\u00e8res individuelles et ne sont pas organis\u00e9s formellement en collectif, mais ils maintiennent des liens forts et constants, et collaborent fr\u00e9quemment sur des projets. Alors que leurs esth\u00e9tiques restent diff\u00e9rentes, ils partagent une certaine approche de la photographie: une constante prise de vue comme r\u00e9ponse \u00e0 un environnement et comme enregistrement de masse de l\u2019exp\u00e9rience personnelle, les images continuellement r\u00e9alis\u00e9es comme un mat\u00e9riau brut et mall\u00e9able qui prendra forme dans leurs expositions et publications.<\/span><\/p>\n\n\n\n<p><span style=\"color: #808080;\">Ils ont \u00e9t\u00e9 invit\u00e9s \u00e0 d\u00e9velopper un projet sp\u00e9cifique pour le Photoforum Pasquart. Alors qu\u2019ils pr\u00e9paraient une r\u00e9sidence \u00e0 Bienne, la notion de doute s\u2019est progressivement impos\u00e9e comme centrale au projet: \u201cune id\u00e9e tr\u00e8s ouverte qui, en m\u00eame temps, correspond tr\u00e8s bien \u00e0 notre essence d\u2019artiste, toujours doutant et h\u00e9sitant sur la n\u00e9cessit\u00e9 et l\u2019utilit\u00e9 de nos cr\u00e9ations, sur plans aussi bien \u00e9motionnels, cognitifs qu\u2019artistique.\u201d<\/span><\/p>\n\n\n\n<p><span style=\"color: #808080;\">Toutes les images pr\u00e9sent\u00e9es dans l\u2019exposition ont \u00e9t\u00e9 r\u00e9alis\u00e9es au cours d\u2019une r\u00e9sidence \u00e0 Bienne, au cours de laquelle ils ont photographi\u00e9 la ville, ses habitants, ses rues et ses animaux, dirigeant leur regard et pointant leur cam\u00e9ra sur une myriade de d\u00e9tails: plantes et fleurs domestiqu\u00e9es, panneaux de signalisation urbains d\u00e9taillant de multiples interdits, voitures poussi\u00e9reuses ou rutilantes, corbeaux saisis en vol, statues de la vieille ville, portraits en gros plan. Un questionnement sur la richesse les a accompagn\u00e9 au long de leur d\u00e9couverte de la ville, et de leurs prises de vue. Ayant entendu \u00e0 plusieurs reprises \u00e0 Bienne que la Suisse \u00e9tait le pays le plus riche du monde \u2013 et ayant rapidement \u00e9tabli que l\u2019affirmation n\u2019\u00e9tait pas exacte \u2013 cette revendication ou label r\u00e9currente les a n\u00e9anmoins marqu\u00e9s et a fa\u00e7onn\u00e9 leur exp\u00e9rience \u00e0 Bienne. Si la richesse n\u2019est pas directement une th\u00e9matique de l\u2019exposition, cette affirmation, et la perception de soi qu\u2019elle implique, ont eu une incidence sur les processus de production et de s\u00e9lection des images.<\/span><\/p>\n\n\n\n<figure class=\"wp-block-image\"><a href=\"https:\/\/danaepanchaud.net\/photoforum-ca-l-isidret-2018-006-web\/\"><img loading=\"lazy\" decoding=\"async\" width=\"2000\" height=\"1333\" src=\"https:\/\/danaepanchaud.net\/wp-content\/uploads\/2018\/07\/Photoforum-Ca-l-Isidret-2018-006-web.jpg\" alt=\"\" class=\"wp-image-380\" srcset=\"https:\/\/danaepanchaud.net\/wp-content\/uploads\/2018\/07\/Photoforum-Ca-l-Isidret-2018-006-web.jpg 2000w, https:\/\/danaepanchaud.net\/wp-content\/uploads\/2018\/07\/Photoforum-Ca-l-Isidret-2018-006-web-300x200.jpg 300w, https:\/\/danaepanchaud.net\/wp-content\/uploads\/2018\/07\/Photoforum-Ca-l-Isidret-2018-006-web-768x512.jpg 768w, https:\/\/danaepanchaud.net\/wp-content\/uploads\/2018\/07\/Photoforum-Ca-l-Isidret-2018-006-web-1024x682.jpg 1024w\" sizes=\"auto, (max-width: 2000px) 100vw, 2000px\" \/><\/a><\/figure>\n\n\n\n<figure class=\"wp-block-image\"><a href=\"https:\/\/danaepanchaud.net\/photoforum-ca-l-isidret-2018-002-web\/\"><img loading=\"lazy\" decoding=\"async\" width=\"2000\" height=\"1333\" src=\"https:\/\/danaepanchaud.net\/wp-content\/uploads\/2018\/07\/Photoforum-Ca-l-Isidret-2018-002-web.jpg\" alt=\"\" class=\"wp-image-377\" srcset=\"https:\/\/danaepanchaud.net\/wp-content\/uploads\/2018\/07\/Photoforum-Ca-l-Isidret-2018-002-web.jpg 2000w, https:\/\/danaepanchaud.net\/wp-content\/uploads\/2018\/07\/Photoforum-Ca-l-Isidret-2018-002-web-300x200.jpg 300w, https:\/\/danaepanchaud.net\/wp-content\/uploads\/2018\/07\/Photoforum-Ca-l-Isidret-2018-002-web-768x512.jpg 768w, https:\/\/danaepanchaud.net\/wp-content\/uploads\/2018\/07\/Photoforum-Ca-l-Isidret-2018-002-web-1024x682.jpg 1024w\" sizes=\"auto, (max-width: 2000px) 100vw, 2000px\" \/><\/a><\/figure>\n\n\n\n<figure class=\"wp-block-image\"><a href=\"https:\/\/danaepanchaud.net\/photoforum-ca-l-isidret-2018-007-web\/\"><img loading=\"lazy\" decoding=\"async\" width=\"2000\" height=\"1333\" src=\"https:\/\/danaepanchaud.net\/wp-content\/uploads\/2018\/07\/Photoforum-Ca-l-Isidret-2018-007-web.jpg\" alt=\"\" class=\"wp-image-381\" srcset=\"https:\/\/danaepanchaud.net\/wp-content\/uploads\/2018\/07\/Photoforum-Ca-l-Isidret-2018-007-web.jpg 2000w, https:\/\/danaepanchaud.net\/wp-content\/uploads\/2018\/07\/Photoforum-Ca-l-Isidret-2018-007-web-300x200.jpg 300w, https:\/\/danaepanchaud.net\/wp-content\/uploads\/2018\/07\/Photoforum-Ca-l-Isidret-2018-007-web-768x512.jpg 768w, https:\/\/danaepanchaud.net\/wp-content\/uploads\/2018\/07\/Photoforum-Ca-l-Isidret-2018-007-web-1024x682.jpg 1024w\" sizes=\"auto, (max-width: 2000px) 100vw, 2000px\" \/><\/a><\/figure>\n\n\n\n<figure class=\"wp-block-image\"><a href=\"https:\/\/danaepanchaud.net\/photoforum-ca-l-isidret-2018-009-web\/\"><img loading=\"lazy\" decoding=\"async\" width=\"2000\" height=\"1333\" src=\"https:\/\/danaepanchaud.net\/wp-content\/uploads\/2018\/07\/Photoforum-Ca-l-Isidret-2018-009-web.jpg\" alt=\"\" class=\"wp-image-382\" srcset=\"https:\/\/danaepanchaud.net\/wp-content\/uploads\/2018\/07\/Photoforum-Ca-l-Isidret-2018-009-web.jpg 2000w, https:\/\/danaepanchaud.net\/wp-content\/uploads\/2018\/07\/Photoforum-Ca-l-Isidret-2018-009-web-300x200.jpg 300w, https:\/\/danaepanchaud.net\/wp-content\/uploads\/2018\/07\/Photoforum-Ca-l-Isidret-2018-009-web-768x512.jpg 768w, https:\/\/danaepanchaud.net\/wp-content\/uploads\/2018\/07\/Photoforum-Ca-l-Isidret-2018-009-web-1024x682.jpg 1024w\" sizes=\"auto, (max-width: 2000px) 100vw, 2000px\" \/><\/a><\/figure>\n\n\n\n<figure class=\"wp-block-image\"><a href=\"https:\/\/danaepanchaud.net\/photoforum-ca-l-isidret-2018-004-web\/\"><img loading=\"lazy\" decoding=\"async\" width=\"2000\" height=\"1334\" src=\"https:\/\/danaepanchaud.net\/wp-content\/uploads\/2018\/07\/Photoforum-Ca-l-Isidret-2018-004-web.jpg\" alt=\"\" class=\"wp-image-378\" srcset=\"https:\/\/danaepanchaud.net\/wp-content\/uploads\/2018\/07\/Photoforum-Ca-l-Isidret-2018-004-web.jpg 2000w, https:\/\/danaepanchaud.net\/wp-content\/uploads\/2018\/07\/Photoforum-Ca-l-Isidret-2018-004-web-300x200.jpg 300w, https:\/\/danaepanchaud.net\/wp-content\/uploads\/2018\/07\/Photoforum-Ca-l-Isidret-2018-004-web-768x512.jpg 768w, https:\/\/danaepanchaud.net\/wp-content\/uploads\/2018\/07\/Photoforum-Ca-l-Isidret-2018-004-web-1024x683.jpg 1024w\" sizes=\"auto, (max-width: 2000px) 100vw, 2000px\" \/><\/a><\/figure>\n\n\n\n<figure class=\"wp-block-image\"><a href=\"https:\/\/danaepanchaud.net\/photoforum-ca-l-isidret-2018-016-web\/\"><img loading=\"lazy\" decoding=\"async\" width=\"4724\" height=\"3149\" src=\"https:\/\/danaepanchaud.net\/wp-content\/uploads\/2018\/07\/Photoforum-Ca-l-Isidret-2018-016-web.jpg\" alt=\"\" class=\"wp-image-385\" srcset=\"https:\/\/danaepanchaud.net\/wp-content\/uploads\/2018\/07\/Photoforum-Ca-l-Isidret-2018-016-web.jpg 4724w, https:\/\/danaepanchaud.net\/wp-content\/uploads\/2018\/07\/Photoforum-Ca-l-Isidret-2018-016-web-300x200.jpg 300w, https:\/\/danaepanchaud.net\/wp-content\/uploads\/2018\/07\/Photoforum-Ca-l-Isidret-2018-016-web-768x512.jpg 768w, https:\/\/danaepanchaud.net\/wp-content\/uploads\/2018\/07\/Photoforum-Ca-l-Isidret-2018-016-web-1024x683.jpg 1024w\" sizes=\"auto, (max-width: 4724px) 100vw, 4724px\" \/><\/a><\/figure>\n\n\n\n<figure class=\"wp-block-image\"><a href=\"https:\/\/danaepanchaud.net\/photoforum-ca-l-isidret-2018-019-web\/\"><img loading=\"lazy\" decoding=\"async\" width=\"4724\" height=\"3149\" src=\"https:\/\/danaepanchaud.net\/wp-content\/uploads\/2018\/07\/Photoforum-Ca-l-Isidret-2018-019-web.jpg\" alt=\"\" class=\"wp-image-386\" srcset=\"https:\/\/danaepanchaud.net\/wp-content\/uploads\/2018\/07\/Photoforum-Ca-l-Isidret-2018-019-web.jpg 4724w, https:\/\/danaepanchaud.net\/wp-content\/uploads\/2018\/07\/Photoforum-Ca-l-Isidret-2018-019-web-300x200.jpg 300w, https:\/\/danaepanchaud.net\/wp-content\/uploads\/2018\/07\/Photoforum-Ca-l-Isidret-2018-019-web-768x512.jpg 768w, https:\/\/danaepanchaud.net\/wp-content\/uploads\/2018\/07\/Photoforum-Ca-l-Isidret-2018-019-web-1024x683.jpg 1024w\" sizes=\"auto, (max-width: 4724px) 100vw, 4724px\" \/><\/a><\/figure>\n\n\n\n<p class=\"has-small-font-size\">Exhibition views by Ca l&#8217;Isidret<\/p>\n","protected":false},"excerpt":{"rendered":"<p>2018Photoforum Pasquart, Biel First exhibition in Switzerland of the three photographers Aleix Plademunt (*1980, ES), Juan Diego Valera (*1976, AR) and Roger Guaus (*1972, ES), who &nbsp;founded Ca l\u2019Isidret Edicions, after meeting and subsequently pursuing a collective project in Argentina in 2010. Ca l\u2019Isidret Edicions also serves as a laboratory, enabling diverse photographic and publishing [&hellip;]<\/p>\n","protected":false},"author":1,"featured_media":0,"parent":182,"menu_order":8,"comment_status":"closed","ping_status":"closed","template":"","meta":{"footnotes":""},"class_list":["post-360","page","type-page","status-publish","hentry"],"_links":{"self":[{"href":"https:\/\/danaepanchaud.net\/index.php\/wp-json\/wp\/v2\/pages\/360","targetHints":{"allow":["GET"]}}],"collection":[{"href":"https:\/\/danaepanchaud.net\/index.php\/wp-json\/wp\/v2\/pages"}],"about":[{"href":"https:\/\/danaepanchaud.net\/index.php\/wp-json\/wp\/v2\/types\/page"}],"author":[{"embeddable":true,"href":"https:\/\/danaepanchaud.net\/index.php\/wp-json\/wp\/v2\/users\/1"}],"replies":[{"embeddable":true,"href":"https:\/\/danaepanchaud.net\/index.php\/wp-json\/wp\/v2\/comments?post=360"}],"version-history":[{"count":3,"href":"https:\/\/danaepanchaud.net\/index.php\/wp-json\/wp\/v2\/pages\/360\/revisions"}],"predecessor-version":[{"id":1291,"href":"https:\/\/danaepanchaud.net\/index.php\/wp-json\/wp\/v2\/pages\/360\/revisions\/1291"}],"up":[{"embeddable":true,"href":"https:\/\/danaepanchaud.net\/index.php\/wp-json\/wp\/v2\/pages\/182"}],"wp:attachment":[{"href":"https:\/\/danaepanchaud.net\/index.php\/wp-json\/wp\/v2\/media?parent=360"}],"curies":[{"name":"wp","href":"https:\/\/api.w.org\/{rel}","templated":true}]}}